{"id":5749,"date":"2015-11-10T20:44:04","date_gmt":"2015-11-10T20:44:04","guid":{"rendered":"http:\/\/xn--nskefrskolan-3ibf.se\/?page_id=5749"},"modified":"2021-03-12T10:26:33","modified_gmt":"2021-03-12T10:26:33","slug":"utflykter-hos-oss","status":"publish","type":"page","link":"https:\/\/xn--nskefrskolan-3ibf.se\/?page_id=5749","title":{"rendered":"Projektarbete hos oss"},"content":{"rendered":"<p>Barnen ska kunna v\u00e4xla mellan olika aktiviteter under dagen. Verksamheten ska ge utrymme f\u00f6r barnens egna planer, fantasi och kreativitet i lek och l\u00e4rande s\u00e5v\u00e4l inomhus som utomhus. Utomhusvistelsen b\u00f6r ge m\u00f6jlighet till lek och andra aktiviteter b\u00e5de i planerad milj\u00f6 och i naturmilj\u00f6. (Lpf\u00f6 18)<\/p>\n<p>P\u00e5 \u00f6nskef\u00f6rskolan arbetar vi projektinriktat. Begreppen tema och projekt \u00e4r snarlika, men att arbeta i projekt \u00e4r tidsbegr\u00e4nsat och projektet &#8221;lever&#8221; s\u00e5 l\u00e4nge barnens intresse finns kvar s\u00e5 att pedagogerna kan f\u00f6ruts\u00e4tta att utmana det vidare. Att arbeta utifr\u00e5n projekt \u00e4r ett pedagogiskt arbets\u00e4tt inspirerat av Reggio Emilia filosofin. Vi f\u00f6rs\u00f6ker f\u00f6lja barnens intresse och utg\u00e5r ifr\u00e5n det i v\u00e5r planering av material, aktiviteter av dagsstruktur. Vi observerar barnens lekar, st\u00e4ller fr\u00e5gor, tolkar uttryck och g\u00f6r oss nyfikna p\u00e5 vad som engagerar dem. Vi fotograferar, filmar och antecknar deras ber\u00e4ttelser, uttryck och lekar f\u00f6r att sedan g\u00f6ra pedagogiska dokumentationer. \u00a0Pedagogisk dokumentation inneb\u00e4r pedagogers och barns reflektioner. Med hj\u00e4lp av pedagogisk dokumentation blir det enklare att f\u00f6lja barnens utveckling och h\u00e5lla en r\u00f6d tr\u00e5d i verksamheten. All \u00e4mnespedagogik &#8221;bakas&#8221; in i projektet vilket skapar ett sammanhang f\u00f6r barnen. Om vi tillexempel projekterar kring f\u00e5glar kan matematik, teknik, skapande, dans, drama och musik kopplas samman med f\u00e5glar. &#8221;Hur r\u00f6r sig f\u00e5glar? Hud stor eller liten kan en f\u00e5gel vara? Hur m\u00e5nga nyanser av gr\u00e5 har en duva? Hur kan f\u00e5glar flyga?&#8221;. Barenen st\u00e4ller sig fr\u00e5gor som vi tillsammans reflekterar \u00f6ver. Det ger en bredare och djupare k\u00e4nnedom om f\u00e5glar. I ett projekterande arbete \u00e4r inte den f\u00e4rdiga produkten det viktigaste utan v\u00e4gen dit. Processen som barnen deltar i, deras upplevelser och slutsatser.<\/p>\n<p>\u00a0<\/p>\n\n\n<div class=\"wp-block-jetpack-tiled-gallery aligncenter is-style-rectangular\"><div class=\"tiled-gallery__gallery\"><div class=\"tiled-gallery__row\"><div class=\"tiled-gallery__col\"><figure class=\"tiled-gallery__item\"><img decoding=\"async\" alt=\"\" data-height=\"640\" data-id=\"6717\" data-link=\"https:\/\/xn--nskefrskolan-3ibf.se\/?attachment_id=6717\" data-url=\"https:\/\/media.xn--nskefrskolan-3ibf.se\/2021\/03\/IMG_3269.jpg\" data-width=\"480\" src=\"https:\/\/i1.wp.com\/media.xn--nskefrskolan-3ibf.se\/2021\/03\/IMG_3269.jpg\"\/><\/figure><\/div><div class=\"tiled-gallery__col\"><figure class=\"tiled-gallery__item\"><img decoding=\"async\" alt=\"\" data-height=\"640\" data-id=\"6674\" data-link=\"https:\/\/xn--nskefrskolan-3ibf.se\/?attachment_id=6674\" data-url=\"https:\/\/media.xn--nskefrskolan-3ibf.se\/2021\/03\/IMG_3023.png\" data-width=\"640\" src=\"https:\/\/i2.wp.com\/media.xn--nskefrskolan-3ibf.se\/2021\/03\/IMG_3023.png\"\/><\/figure><\/div><div class=\"tiled-gallery__col\"><figure class=\"tiled-gallery__item\"><img decoding=\"async\" alt=\"\" data-height=\"640\" data-id=\"6675\" data-link=\"https:\/\/xn--nskefrskolan-3ibf.se\/?attachment_id=6675\" data-url=\"https:\/\/media.xn--nskefrskolan-3ibf.se\/2021\/03\/IMG_3025.png\" data-width=\"426\" src=\"https:\/\/i0.wp.com\/media.xn--nskefrskolan-3ibf.se\/2021\/03\/IMG_3025.png\"\/><\/figure><\/div><div class=\"tiled-gallery__col\"><figure class=\"tiled-gallery__item\"><img decoding=\"async\" alt=\"\" data-height=\"640\" data-id=\"6711\" data-link=\"https:\/\/xn--nskefrskolan-3ibf.se\/?attachment_id=6711\" data-url=\"https:\/\/media.xn--nskefrskolan-3ibf.se\/2021\/03\/IMG_3281.jpg\" data-width=\"480\" src=\"https:\/\/i0.wp.com\/media.xn--nskefrskolan-3ibf.se\/2021\/03\/IMG_3281.jpg\"\/><\/figure><\/div><\/div><\/div><\/div>\n\n\n\n<p><strong>Projekt &#8221;De fyra Elementen&#8221; <\/strong>Tema JORD<br>Vi har visat ett stort intresse f\u00f6r dinosauriernas tid &#8211; Vi tar v\u00e5r tidsmaskin och reser Dinosauriernas tid och v\u00e4rld vi utforskar, leker, dramatiserar, letar fosiler, skapar allt som har med dinoasuriernas v\u00e4rld &#8211; vi upplever jorden och bygger en egen vulkan och g\u00f6r ett vulkan experiment. Vi projekterar och filmar oss n\u00e4r vi jobbar med projektet.<\/p>\n\n\n\n<div class=\"wp-block-jetpack-tiled-gallery aligncenter is-style-rectangular\"><div class=\"tiled-gallery__gallery\"><div class=\"tiled-gallery__row\"><div class=\"tiled-gallery__col\"><figure class=\"tiled-gallery__item\"><img decoding=\"async\" alt=\"\" data-height=\"640\" data-id=\"6719\" data-link=\"https:\/\/xn--nskefrskolan-3ibf.se\/?attachment_id=6719\" data-url=\"https:\/\/media.xn--nskefrskolan-3ibf.se\/2021\/03\/IMG_3267-1.jpg\" data-width=\"480\" src=\"https:\/\/i0.wp.com\/media.xn--nskefrskolan-3ibf.se\/2021\/03\/IMG_3267-1.jpg\"\/><\/figure><\/div><div class=\"tiled-gallery__col\"><figure class=\"tiled-gallery__item\"><img decoding=\"async\" alt=\"\" data-height=\"640\" data-id=\"6620\" data-link=\"https:\/\/xn--nskefrskolan-3ibf.se\/?attachment_id=6620\" data-url=\"https:\/\/media.xn--nskefrskolan-3ibf.se\/2021\/03\/IMG_3087.jpg\" data-width=\"428\" src=\"https:\/\/i2.wp.com\/media.xn--nskefrskolan-3ibf.se\/2021\/03\/IMG_3087.jpg\"\/><\/figure><\/div><div class=\"tiled-gallery__col\"><figure class=\"tiled-gallery__item\"><img decoding=\"async\" alt=\"\" data-height=\"1800\" data-id=\"6599\" data-link=\"https:\/\/xn--nskefrskolan-3ibf.se\/?attachment_id=6599\" data-url=\"https:\/\/media.xn--nskefrskolan-3ibf.se\/2021\/03\/IMG_0605-683x1024.jpg\" data-width=\"1200\" src=\"https:\/\/i1.wp.com\/media.xn--nskefrskolan-3ibf.se\/2021\/03\/IMG_0605-683x1024.jpg\"\/><\/figure><\/div><\/div><\/div><\/div>\n\n\n\n<p><strong>Projekt &#8221;De fyra Elementen&#8221; <\/strong>Tema LUFT<br>Vi utforskar luften med alla v\u00e5ra sinnen och skapar f\u00f6r att f\u00e5 en ytterligare dimension. V\u00e5r Raketer fastnar f\u00f6r Rymden &#8221;Vad finns i luften: Rymden! Vi f\u00f6rvandlar v\u00e5r tidsmaskin till en rymdraket och \u00e5ker till rymden och forskar och l\u00e4r om planeterna &#8211; vi skapar planeter, vintergatan och v\u00e5r en egen galax, vi skapar en egen filur som bor i Rymden. V\u00e5ra Solstj\u00e4rnor visade ett stort intresse f\u00f6r F\u00e5glar! Vi projekterar och utforskar n\u00e4rmare f\u00e5glarna: Hur kan dom flyga egentligen?&#8221;<\/p>\n\n\n\n<div class=\"wp-block-jetpack-tiled-gallery aligncenter is-style-square\"><div class=\"tiled-gallery__gallery\"><div class=\"tiled-gallery__row columns-2\"><div class=\"tiled-gallery__col\"><figure class=\"tiled-gallery__item\"><img decoding=\"async\" alt=\"\" data-height=\"480\" data-id=\"6765\" data-link=\"https:\/\/xn--nskefrskolan-3ibf.se\/?attachment_id=6765\" data-url=\"https:\/\/media.xn--nskefrskolan-3ibf.se\/2021\/03\/IMG_3255-2.jpg\" data-width=\"640\" src=\"https:\/\/i1.wp.com\/media.xn--nskefrskolan-3ibf.se\/2021\/03\/IMG_3255-2.jpg?resize=480%2C480\"\/><\/figure><\/div><div class=\"tiled-gallery__col\"><figure class=\"tiled-gallery__item\"><img decoding=\"async\" alt=\"\" data-height=\"640\" data-id=\"6721\" data-link=\"https:\/\/xn--nskefrskolan-3ibf.se\/?attachment_id=6721\" data-url=\"https:\/\/media.xn--nskefrskolan-3ibf.se\/2021\/03\/IMG_3263.jpg\" data-width=\"428\" src=\"https:\/\/i0.wp.com\/media.xn--nskefrskolan-3ibf.se\/2021\/03\/IMG_3263.jpg?resize=428%2C428\"\/><\/figure><\/div><\/div><div class=\"tiled-gallery__row columns-4\"><div class=\"tiled-gallery__col\"><figure class=\"tiled-gallery__item\"><img decoding=\"async\" alt=\"\" data-height=\"640\" data-id=\"6596\" data-link=\"https:\/\/xn--nskefrskolan-3ibf.se\/?attachment_id=6596\" data-url=\"https:\/\/media.xn--nskefrskolan-3ibf.se\/2021\/03\/collage-16.png\" data-width=\"427\" src=\"https:\/\/i2.wp.com\/media.xn--nskefrskolan-3ibf.se\/2021\/03\/collage-16.png?resize=427%2C427\"\/><\/figure><\/div><div class=\"tiled-gallery__col\"><figure class=\"tiled-gallery__item\"><img decoding=\"async\" alt=\"\" data-height=\"480\" data-id=\"6657\" data-link=\"https:\/\/xn--nskefrskolan-3ibf.se\/?attachment_id=6657\" data-url=\"https:\/\/media.xn--nskefrskolan-3ibf.se\/2021\/03\/IMG_2261-1.jpg\" data-width=\"640\" src=\"https:\/\/i0.wp.com\/media.xn--nskefrskolan-3ibf.se\/2021\/03\/IMG_2261-1.jpg?resize=480%2C480\"\/><\/figure><\/div><div class=\"tiled-gallery__col\"><figure class=\"tiled-gallery__item\"><img decoding=\"async\" alt=\"\" data-height=\"480\" data-id=\"6624\" data-link=\"https:\/\/xn--nskefrskolan-3ibf.se\/?attachment_id=6624\" data-url=\"https:\/\/media.xn--nskefrskolan-3ibf.se\/2021\/03\/IMG_2244.jpg\" data-width=\"640\" src=\"https:\/\/i2.wp.com\/media.xn--nskefrskolan-3ibf.se\/2021\/03\/IMG_2244.jpg?resize=480%2C480\"\/><\/figure><\/div><div class=\"tiled-gallery__col\"><figure class=\"tiled-gallery__item\"><img decoding=\"async\" alt=\"\" data-height=\"1008\" data-id=\"6631\" data-link=\"https:\/\/xn--nskefrskolan-3ibf.se\/?attachment_id=6631\" data-url=\"https:\/\/media.xn--nskefrskolan-3ibf.se\/2021\/03\/IMG_3038.jpg\" data-width=\"756\" src=\"https:\/\/i0.wp.com\/media.xn--nskefrskolan-3ibf.se\/2021\/03\/IMG_3038.jpg?resize=756%2C756\"\/><\/figure><\/div><\/div><div class=\"tiled-gallery__row columns-4\"><div class=\"tiled-gallery__col\"><figure class=\"tiled-gallery__item\"><img decoding=\"async\" alt=\"\" data-height=\"640\" data-id=\"6623\" data-link=\"https:\/\/xn--nskefrskolan-3ibf.se\/?attachment_id=6623\" data-url=\"https:\/\/media.xn--nskefrskolan-3ibf.se\/2021\/03\/IMG_3176.png\" data-width=\"295\" src=\"https:\/\/i2.wp.com\/media.xn--nskefrskolan-3ibf.se\/2021\/03\/IMG_3176.png?resize=295%2C295\"\/><\/figure><\/div><div class=\"tiled-gallery__col\"><figure class=\"tiled-gallery__item\"><img decoding=\"async\" alt=\"\" data-height=\"1024\" data-id=\"6768\" data-link=\"https:\/\/xn--nskefrskolan-3ibf.se\/?attachment_id=6768\" data-url=\"https:\/\/media.xn--nskefrskolan-3ibf.se\/2021\/03\/IMG_3303-472x1024.jpg\" data-width=\"472\" src=\"https:\/\/i0.wp.com\/media.xn--nskefrskolan-3ibf.se\/2021\/03\/IMG_3303-472x1024.jpg?resize=472%2C472\"\/><\/figure><\/div><div class=\"tiled-gallery__col\"><figure class=\"tiled-gallery__item\"><img decoding=\"async\" alt=\"\" data-height=\"243\" data-id=\"6595\" data-link=\"https:\/\/xn--nskefrskolan-3ibf.se\/?attachment_id=6595\" data-url=\"https:\/\/media.xn--nskefrskolan-3ibf.se\/2021\/03\/collage-15-e1615462751535.png\" data-width=\"232\" src=\"https:\/\/i2.wp.com\/media.xn--nskefrskolan-3ibf.se\/2021\/03\/collage-15-e1615462751535.png?resize=232%2C232\"\/><\/figure><\/div><div class=\"tiled-gallery__col\"><figure class=\"tiled-gallery__item\"><img decoding=\"async\" alt=\"\" data-height=\"640\" data-id=\"6662\" data-link=\"https:\/\/xn--nskefrskolan-3ibf.se\/?attachment_id=6662\" data-url=\"https:\/\/media.xn--nskefrskolan-3ibf.se\/2021\/03\/IMG_0852.jpg\" data-width=\"480\" src=\"https:\/\/i0.wp.com\/media.xn--nskefrskolan-3ibf.se\/2021\/03\/IMG_0852.jpg?resize=480%2C480\"\/><\/figure><\/div><\/div><\/div><\/div>\n\n\n\n<p><strong>Projekt &#8221;De fyra Elementen&#8221; <\/strong>Tema VATTEN<br>Vi utforskar vatten med alla v\u00e5ra sinnen och skapar f\u00f6r att f\u00e5 en ytterligare dimension. &#8221;Hur l\u00e5ter vatten?&#8221; &#8221;Hur k\u00e4nns vatten?&#8221; &#8221;Kan man bygga med vatten?&#8221; &#8221;Vilka djur finns i vatten och lever p\u00e5 is?&#8221; &#8221;Hur k\u00e4nns det inuti vattnet?&#8221;<br><\/p>\n\n\n\n\n\n<div class=\"wp-block-jetpack-tiled-gallery aligncenter is-style-square\"><div class=\"tiled-gallery__gallery\"><div class=\"tiled-gallery__row columns-4\"><div class=\"tiled-gallery__col\"><figure class=\"tiled-gallery__item\"><img decoding=\"async\" alt=\"\" data-height=\"2016\" data-id=\"6196\" data-link=\"https:\/\/xn--nskefrskolan-3ibf.se\/?attachment_id=6196\" data-url=\"https:\/\/media.xn--nskefrskolan-3ibf.se\/2015\/11\/IMG_3661-e1499343160558-768x1024.jpg\" data-width=\"1512\" src=\"https:\/\/i1.wp.com\/media.xn--nskefrskolan-3ibf.se\/2015\/11\/IMG_3661-e1499343160558-768x1024.jpg?resize=1512%2C1512\"\/><\/figure><\/div><div class=\"tiled-gallery__col\"><figure class=\"tiled-gallery__item\"><img decoding=\"async\" alt=\"\" data-height=\"2016\" data-id=\"6194\" data-link=\"https:\/\/xn--nskefrskolan-3ibf.se\/?attachment_id=6194\" data-url=\"https:\/\/media.xn--nskefrskolan-3ibf.se\/2015\/11\/IMG_3659-e1499343192859-768x1024.jpg\" data-width=\"1512\" src=\"https:\/\/i2.wp.com\/media.xn--nskefrskolan-3ibf.se\/2015\/11\/IMG_3659-e1499343192859-768x1024.jpg?resize=1512%2C1512\"\/><\/figure><\/div><div class=\"tiled-gallery__col\"><figure class=\"tiled-gallery__item\"><img decoding=\"async\" alt=\"\" data-height=\"1512\" data-id=\"6197\" data-link=\"https:\/\/xn--nskefrskolan-3ibf.se\/?attachment_id=6197\" data-url=\"https:\/\/media.xn--nskefrskolan-3ibf.se\/2015\/11\/IMG_3662-1024x768.jpg\" data-width=\"2016\" src=\"https:\/\/i1.wp.com\/media.xn--nskefrskolan-3ibf.se\/2015\/11\/IMG_3662-1024x768.jpg?resize=1512%2C1512\"\/><\/figure><\/div><div class=\"tiled-gallery__col\"><figure class=\"tiled-gallery__item\"><img decoding=\"async\" alt=\"\" data-height=\"1512\" data-id=\"6198\" data-link=\"https:\/\/xn--nskefrskolan-3ibf.se\/?attachment_id=6198\" data-url=\"https:\/\/media.xn--nskefrskolan-3ibf.se\/2015\/11\/IMG_3663-1024x768.jpg\" data-width=\"2016\" src=\"https:\/\/i2.wp.com\/media.xn--nskefrskolan-3ibf.se\/2015\/11\/IMG_3663-1024x768.jpg?resize=1512%2C1512\"\/><\/figure><\/div><\/div><\/div><\/div>\n\n\n\n<p><strong>Projektet &#8221;Labyrint&#8221; <\/strong><br>Labyrint projektet. Projektet grundar sig i Barnprogrammet &#8221;Labyrint&#8221; som barnen gemenast visade ett stort intresse f\u00f6r. Barnen har dansat, skapat egna s\u00e5ngtexter och teatersketcher, m\u00e5lat och skulpterat. Tillsammans har det gestaltat bogrammet i verkligheten samt anv\u00e4nts sig av intresset f\u00f6r labyrint f\u00f6r att finna nya id\u00e9er samt aktiviteter.<\/p>\n\n\n\n<p><\/p>\n\n\n\n<div class=\"wp-block-jetpack-tiled-gallery aligncenter is-style-rectangular\"><div class=\"tiled-gallery__gallery\"><div class=\"tiled-gallery__row\"><div class=\"tiled-gallery__col\"><figure class=\"tiled-gallery__item\"><img decoding=\"async\" alt=\"\" data-height=\"913\" data-id=\"6769\" data-link=\"https:\/\/xn--nskefrskolan-3ibf.se\/?attachment_id=6769\" data-url=\"https:\/\/media.xn--nskefrskolan-3ibf.se\/2021\/03\/IMG_3304-e1615538422834-1024x831.jpg\" data-width=\"1125\" src=\"https:\/\/i2.wp.com\/media.xn--nskefrskolan-3ibf.se\/2021\/03\/IMG_3304-e1615538422834-1024x831.jpg\"\/><\/figure><\/div><\/div><\/div><\/div>\n\n\n\n<p>&#8221;<strong>V\u00e5r stad&#8221; projektet <\/strong><br>Tog oss p\u00e5 en resa i Stockholm och alla dess vackra byggnader, genom Gamla stan och dess historia till alla moderna byggnader. En byggnad som vi fastnade extra mycket f\u00f6r var just Globen &#8211; som vi skapade i alla material vi kunde hitta. <\/p>\n","protected":false},"excerpt":{"rendered":"<p>Barnen ska kunna v\u00e4xla mellan olika aktiviteter under dagen. Verksamheten ska ge utrymme f\u00f6r barnens egna planer, fantasi och kreativitet i lek och l\u00e4rande s\u00e5v\u00e4l inomhus som utomhus. Utomhusvistelsen b\u00f6r ge m\u00f6jlighet till lek och andra aktiviteter b\u00e5de i planerad milj\u00f6 och i naturmilj\u00f6. (Lpf\u00f6 18) P\u00e5 \u00f6nskef\u00f6rskolan arbetar vi projektinriktat. Begreppen tema och projekt [&hellip;]<\/p>\n","protected":false},"author":2,"featured_media":0,"parent":5638,"menu_order":6,"comment_status":"closed","ping_status":"closed","template":"","meta":{"footnotes":""},"_links":{"self":[{"href":"https:\/\/xn--nskefrskolan-3ibf.se\/index.php?rest_route=\/wp\/v2\/pages\/5749"}],"collection":[{"href":"https:\/\/xn--nskefrskolan-3ibf.se\/index.php?rest_route=\/wp\/v2\/pages"}],"about":[{"href":"https:\/\/xn--nskefrskolan-3ibf.se\/index.php?rest_route=\/wp\/v2\/types\/page"}],"author":[{"embeddable":true,"href":"https:\/\/xn--nskefrskolan-3ibf.se\/index.php?rest_route=\/wp\/v2\/users\/2"}],"replies":[{"embeddable":true,"href":"https:\/\/xn--nskefrskolan-3ibf.se\/index.php?rest_route=%2Fwp%2Fv2%2Fcomments&post=5749"}],"version-history":[{"count":31,"href":"https:\/\/xn--nskefrskolan-3ibf.se\/index.php?rest_route=\/wp\/v2\/pages\/5749\/revisions"}],"predecessor-version":[{"id":6781,"href":"https:\/\/xn--nskefrskolan-3ibf.se\/index.php?rest_route=\/wp\/v2\/pages\/5749\/revisions\/6781"}],"up":[{"embeddable":true,"href":"https:\/\/xn--nskefrskolan-3ibf.se\/index.php?rest_route=\/wp\/v2\/pages\/5638"}],"wp:attachment":[{"href":"https:\/\/xn--nskefrskolan-3ibf.se\/index.php?rest_route=%2Fwp%2Fv2%2Fmedia&parent=5749"}],"curies":[{"name":"wp","href":"https:\/\/api.w.org\/{rel}","templated":true}]}}